{"id":108613,"date":"2021-10-04T10:41:39","date_gmt":"2021-10-04T14:41:39","guid":{"rendered":"https:\/\/www.avenuedesigncanada.com\/?post_type=product&#038;p=108613"},"modified":"2026-02-11T15:59:37","modified_gmt":"2026-02-11T20:59:37","slug":"lit-a-panneaux-alvarez","status":"publish","type":"product","link":"https:\/\/www.avenuedesigncanada.com\/fr\/product\/lit-a-panneaux-alvarez\/","title":{"rendered":"Lit \u00e0 panneaux Alvarez"},"content":{"rendered":"<p><em>Caract\u00e9ristiques du lit \u00e0 panneaux Alvarez :<\/em><\/p>\n<p>T\u00eate et pied de lit \u00e0 cadre m\u00e9tallique avec panneaux de finition moul\u00e9s<\/p>\n<p>Pieds ronds en retrait<\/p>\n<p>Panneaux lat\u00e9raux en bois<\/p>\n<p>Syst\u00e8me de support \u00e0 cinq lattes en bois avec supports centraux ajustables<\/p>\n<div class=\"product_description_label\">\n<div class=\"field field-name-field-description field-type-text-long field-label-hidden\">\n<div class=\"field-items\">\n<div class=\"field-item even\">\n<p><em>Note<\/em>: Disponible en format King seulement<\/p>\n<\/div>\n<\/div>\n<\/div>\n<\/div>\n<div class=\"product-options\">Options<\/p>\n<p><em>Note<\/em>: La t\u00eate de lit ne peut pas \u00eatre utilis\u00e9e seule. Doit \u00eatre command\u00e9 avec le pied de lit et les montants lat\u00e9raux.Avez-vous des questions \u00e0 propos de ce produit ?<\/p>\n<p>Nos designers sont l\u00e0 pour vous aider. Appelez-nous au (514) 340-9351<\/p><\/div>\n","protected":false},"excerpt":{"rendered":"<p>Le lit \u00e0 panneaux Alvarez allie sophistication industrielle et design raffin\u00e9. Sa t\u00eate et son pied de lit \u00e0 structure m\u00e9tallique sont orn\u00e9s d&rsquo;\u00e9l\u00e9gants panneaux moul\u00e9s, tandis que les pieds ronds encastr\u00e9s du pied de lit ajoutent une touche architecturale subtile. Les rails lat\u00e9raux en bois compl\u00e8tent le design, et un syst\u00e8me de soutien \u00e0 cinq lattes en bois avec supports centraux r\u00e9glables garantit durabilit\u00e9 et confort. Parfait pour les chambres contemporaines, le lit \u00e0 panneaux Alvarez est une pi\u00e8ce ma\u00eetresse remarquable et fonctionnelle.<\/p>\n","protected":false},"featured_media":108619,"template":"","meta":{"_kad_blocks_custom_css":"","_kad_blocks_head_custom_js":"","_kad_blocks_body_custom_js":"","_kad_blocks_footer_custom_js":"","_kad_post_transparent":"default","_kad_post_title":"","_kad_post_layout":"default","_kad_post_sidebar_id":"","_kad_post_content_style":"default","_kad_post_vertical_padding":"default","_kad_post_feature":"","_kad_post_feature_position":"","_kad_post_header":false,"_kad_post_footer":false,"_kad_post_classname":""},"product_brand":[],"product_cat":[1296],"product_tag":[1851],"class_list":{"0":"post-108613","1":"product","2":"type-product","3":"status-publish","4":"has-post-thumbnail","6":"product_cat-lits","7":"product_tag-barcelona-fr","9":"first","10":"instock","11":"taxable","12":"shipping-taxable","13":"product-type-simple","14":"entry","15":"content-bg","16":"loop-entry"},"taxonomy_info":{"product_cat":[{"value":1296,"label":"Lits"}],"product_tag":[{"value":1851,"label":"BARCELONA"}]},"featured_image_src_large":["https:\/\/www.avenuedesigncanada.com\/wp-content\/uploads\/2021\/10\/305h29_305fr29_alvarez_front-2-1024x1024.jpg",1024,1024,true],"author_info":[],"comment_info":"","_links":{"self":[{"href":"https:\/\/www.avenuedesigncanada.com\/fr\/wp-json\/wp\/v2\/product\/108613","targetHints":{"allow":["GET"]}}],"collection":[{"href":"https:\/\/www.avenuedesigncanada.com\/fr\/wp-json\/wp\/v2\/product"}],"about":[{"href":"https:\/\/www.avenuedesigncanada.com\/fr\/wp-json\/wp\/v2\/types\/product"}],"wp:featuredmedia":[{"embeddable":true,"href":"https:\/\/www.avenuedesigncanada.com\/fr\/wp-json\/wp\/v2\/media\/108619"}],"wp:attachment":[{"href":"https:\/\/www.avenuedesigncanada.com\/fr\/wp-json\/wp\/v2\/media?parent=108613"}],"wp:term":[{"taxonomy":"product_brand","embeddable":true,"href":"https:\/\/www.avenuedesigncanada.com\/fr\/wp-json\/wp\/v2\/product_brand?post=108613"},{"taxonomy":"product_cat","embeddable":true,"href":"https:\/\/www.avenuedesigncanada.com\/fr\/wp-json\/wp\/v2\/product_cat?post=108613"},{"taxonomy":"product_tag","embeddable":true,"href":"https:\/\/www.avenuedesigncanada.com\/fr\/wp-json\/wp\/v2\/product_tag?post=108613"}],"curies":[{"name":"wp","href":"https:\/\/api.w.org\/{rel}","templated":true}]}}