{"id":111358,"date":"2021-10-19T14:58:32","date_gmt":"2021-10-19T18:58:32","guid":{"rendered":"https:\/\/www.avenuedesigncanada.com\/?post_type=product&#038;p=111358"},"modified":"2026-02-11T16:06:26","modified_gmt":"2026-02-11T21:06:26","slug":"table-de-chevet-foundations-2","status":"publish","type":"product","link":"https:\/\/www.avenuedesigncanada.com\/fr\/product\/table-de-chevet-foundations-2\/","title":{"rendered":"Table de chevet Foundations"},"content":{"rendered":"<p><em>La table de nuit Foundations pr\u00e9sente les caract\u00e9ristiques suivantes :<\/em><br \/>\nFinition deux tons &#8211; bo\u00eete \u00e0 tiroirs en finition Light Shale, base et \u00e9tag\u00e8re en finition Dark Shale<br \/>\nUn tiroir \u00e0 fermeture douce<br \/>\nChargeur double port\/USB \u00e0 l&rsquo;arri\u00e8re de la bo\u00eete \u00e0 tiroirs<br \/>\nPatins r\u00e9glables<br \/>\nRemarque : L&rsquo;arri\u00e8re de la bo\u00eete est fini et n&rsquo;est pas con\u00e7u pour supporter un t\u00e9l\u00e9viseur ou d&rsquo;autres m\u00e9dias.<\/p>\n<p>Avez-vous des questions \u00e0 propos de ce produit ? Nos designers sont l\u00e0 pour vous aider.  Appelez-nous au (514) 340-9351<\/p>\n","protected":false},"excerpt":{"rendered":"<p>Cette table de nuit Foundations pr\u00e9sente une finition bicolore raffin\u00e9e avec une bo\u00eete \u00e0 tiroirs Light Shale et une base et une \u00e9tag\u00e8re Dark Shale. Un tiroir \u00e0 fermeture douce et un double port de charge USB int\u00e9gr\u00e9 ajoutent \u00e0 la commodit\u00e9 moderne, tandis que les glissi\u00e8res r\u00e9glables assurent la stabilit\u00e9. <\/p>\n","protected":false},"featured_media":111364,"template":"","meta":{"_kad_blocks_custom_css":"","_kad_blocks_head_custom_js":"","_kad_blocks_body_custom_js":"","_kad_blocks_footer_custom_js":"","_kad_post_transparent":"","_kad_post_title":"","_kad_post_layout":"","_kad_post_sidebar_id":"","_kad_post_content_style":"","_kad_post_vertical_padding":"","_kad_post_feature":"","_kad_post_feature_position":"","_kad_post_header":false,"_kad_post_footer":false,"_kad_post_classname":""},"product_brand":[],"product_cat":[1299],"product_tag":[1844],"class_list":{"0":"post-111358","1":"product","2":"type-product","3":"status-publish","4":"has-post-thumbnail","6":"product_cat-tables-de-nuit","7":"product_tag-barcelona-cg-fr-2","9":"first","10":"instock","11":"taxable","12":"shipping-taxable","13":"product-type-simple","14":"entry","15":"content-bg","16":"loop-entry"},"taxonomy_info":{"product_cat":[{"value":1299,"label":"Tables de chevet"}],"product_tag":[{"value":1844,"label":"BARCELONA - CG"}]},"featured_image_src_large":["https:\/\/www.avenuedesigncanada.com\/wp-content\/uploads\/2021\/10\/306216_foundations_frontalt-2-1024x1024.jpg",1024,1024,true],"author_info":[],"comment_info":"","_links":{"self":[{"href":"https:\/\/www.avenuedesigncanada.com\/fr\/wp-json\/wp\/v2\/product\/111358","targetHints":{"allow":["GET"]}}],"collection":[{"href":"https:\/\/www.avenuedesigncanada.com\/fr\/wp-json\/wp\/v2\/product"}],"about":[{"href":"https:\/\/www.avenuedesigncanada.com\/fr\/wp-json\/wp\/v2\/types\/product"}],"wp:featuredmedia":[{"embeddable":true,"href":"https:\/\/www.avenuedesigncanada.com\/fr\/wp-json\/wp\/v2\/media\/111364"}],"wp:attachment":[{"href":"https:\/\/www.avenuedesigncanada.com\/fr\/wp-json\/wp\/v2\/media?parent=111358"}],"wp:term":[{"taxonomy":"product_brand","embeddable":true,"href":"https:\/\/www.avenuedesigncanada.com\/fr\/wp-json\/wp\/v2\/product_brand?post=111358"},{"taxonomy":"product_cat","embeddable":true,"href":"https:\/\/www.avenuedesigncanada.com\/fr\/wp-json\/wp\/v2\/product_cat?post=111358"},{"taxonomy":"product_tag","embeddable":true,"href":"https:\/\/www.avenuedesigncanada.com\/fr\/wp-json\/wp\/v2\/product_tag?post=111358"}],"curies":[{"name":"wp","href":"https:\/\/api.w.org\/{rel}","templated":true}]}}