{"id":174040,"date":"2022-10-12T10:06:15","date_gmt":"2022-10-12T14:06:15","guid":{"rendered":"https:\/\/www.avenuedesigncanada.com\/product\/173936\/"},"modified":"2026-02-11T16:07:03","modified_gmt":"2026-02-11T21:07:03","slug":"173936","status":"publish","type":"product","link":"https:\/\/www.avenuedesigncanada.com\/fr\/product\/173936\/","title":{"rendered":"Fauteuil Elan"},"content":{"rendered":"<p><em>La chaise Elan Chair comprend:<\/em><\/p>\n<p>Tissu boucl\u00e9 cr\u00e8me<br \/>\nCadre en laiton bross\u00e9<br \/>\nAccents en bois noir<\/p>\n<p>Vous avez des questions sur ce produit ?<br \/>\nNos designers sont l\u00e0 pour vous aider.<br \/>\nAppelez-nous au (514) 340-9351<\/p>\n","protected":false},"excerpt":{"rendered":"<p>La chaise Elan offre un \u00e9quilibre parfait entre douceur et structure. Recouverte d&rsquo;un \u00e9l\u00e9gant tissu boucl\u00e9 cr\u00e8me, elle apporte chaleur et texture \u00e0 n&rsquo;importe quel espace, tandis que son cadre en laiton bross\u00e9 ajoute une touche de luxe moderne. Les accents en bois noir offrent un contraste saisissant, cr\u00e9ant un design sophistiqu\u00e9 \u00e0 la fois intemporel et contemporain.  <\/p>\n","protected":false},"featured_media":174005,"template":"","meta":{"_kad_blocks_custom_css":"","_kad_blocks_head_custom_js":"","_kad_blocks_body_custom_js":"","_kad_blocks_footer_custom_js":"","_kad_post_transparent":"","_kad_post_title":"","_kad_post_layout":"","_kad_post_sidebar_id":"","_kad_post_content_style":"","_kad_post_vertical_padding":"","_kad_post_feature":"","_kad_post_feature_position":"","_kad_post_header":false,"_kad_post_footer":false,"_kad_post_classname":""},"product_brand":[],"product_cat":[1320],"product_tag":[1482],"class_list":{"0":"post-174040","1":"product","2":"type-product","3":"status-publish","4":"has-post-thumbnail","6":"product_cat-fauteuils","7":"product_tag-vreeland-fr-2","9":"first","10":"instock","11":"taxable","12":"shipping-taxable","13":"product-type-simple","14":"entry","15":"content-bg","16":"loop-entry"},"taxonomy_info":{"product_cat":[{"value":1320,"label":"Fauteuils"}],"product_tag":[{"value":1482,"label":"Vreeland"}]},"featured_image_src_large":["https:\/\/www.avenuedesigncanada.com\/wp-content\/uploads\/2022\/10\/A116160_2_1_1-1024x1024.jpg",1024,1024,true],"author_info":[],"comment_info":"","_links":{"self":[{"href":"https:\/\/www.avenuedesigncanada.com\/fr\/wp-json\/wp\/v2\/product\/174040","targetHints":{"allow":["GET"]}}],"collection":[{"href":"https:\/\/www.avenuedesigncanada.com\/fr\/wp-json\/wp\/v2\/product"}],"about":[{"href":"https:\/\/www.avenuedesigncanada.com\/fr\/wp-json\/wp\/v2\/types\/product"}],"wp:featuredmedia":[{"embeddable":true,"href":"https:\/\/www.avenuedesigncanada.com\/fr\/wp-json\/wp\/v2\/media\/174005"}],"wp:attachment":[{"href":"https:\/\/www.avenuedesigncanada.com\/fr\/wp-json\/wp\/v2\/media?parent=174040"}],"wp:term":[{"taxonomy":"product_brand","embeddable":true,"href":"https:\/\/www.avenuedesigncanada.com\/fr\/wp-json\/wp\/v2\/product_brand?post=174040"},{"taxonomy":"product_cat","embeddable":true,"href":"https:\/\/www.avenuedesigncanada.com\/fr\/wp-json\/wp\/v2\/product_cat?post=174040"},{"taxonomy":"product_tag","embeddable":true,"href":"https:\/\/www.avenuedesigncanada.com\/fr\/wp-json\/wp\/v2\/product_tag?post=174040"}],"curies":[{"name":"wp","href":"https:\/\/api.w.org\/{rel}","templated":true}]}}