{"id":174478,"date":"2022-08-13T12:46:39","date_gmt":"2022-08-13T16:46:39","guid":{"rendered":"https:\/\/www.avenuedesigncanada.com\/product\/briel-coffee-table-small-charcoal\/"},"modified":"2026-02-11T16:07:04","modified_gmt":"2026-02-11T21:07:04","slug":"table-a-cafe-briel-petite-charcoal","status":"publish","type":"product","link":"https:\/\/www.avenuedesigncanada.com\/fr\/product\/table-a-cafe-briel-petite-charcoal\/","title":{"rendered":"Table \u00e0 caf\u00e9 Bri\u00ebl &#8211; Petite Charcoal"},"content":{"rendered":"<p><em>La table basse Bri\u00ebl &#8211; Small Charcoal pr\u00e9sente les caract\u00e9ristiques suivantes :<\/em><\/p>\n<p>Placages en finition gris charcoal<\/p>\n<p>Vous avez des questions sur ce produit ? Nos concepteurs sont l\u00e0 pour vous aider. Appelez-nous au (514) 340-9351  <\/p>\n","protected":false},"excerpt":{"rendered":"<p>Compl\u00e9tez la d\u00e9coration de votre salon avec la grande table basse Bri\u00ebl. Avec son design d&rsquo;inspiration scandinave, cette jolie table basse conf\u00e8re instantan\u00e9ment \u00e0 votre ensemble un style moderne du milieu du si\u00e8cle. Fini en placage gris charcoal, il pr\u00e9sente un \u00e9pais plateau en forme de galet et trois pieds robustes. Utilisez-la comme une pi\u00e8ce unique ou associez-la \u00e0 la grande table \u00e0 caf\u00e9 Bri\u00ebl pour cr\u00e9er un charmant ensemble de tables.<\/p>\n","protected":false},"featured_media":156329,"template":"","meta":{"_kad_blocks_custom_css":"","_kad_blocks_head_custom_js":"","_kad_blocks_body_custom_js":"","_kad_blocks_footer_custom_js":"","_kad_post_transparent":"","_kad_post_title":"","_kad_post_layout":"","_kad_post_sidebar_id":"","_kad_post_content_style":"","_kad_post_vertical_padding":"","_kad_post_feature":"","_kad_post_feature_position":"","_kad_post_header":false,"_kad_post_footer":false,"_kad_post_classname":""},"product_brand":[],"product_cat":[1327],"product_tag":[1482],"class_list":{"0":"post-174478","1":"product","2":"type-product","3":"status-publish","4":"has-post-thumbnail","6":"product_cat-salon-tables-a-cafe","7":"product_tag-vreeland-fr-2","9":"first","10":"instock","11":"product-type-simple","12":"entry","13":"content-bg","14":"loop-entry"},"taxonomy_info":{"product_cat":[{"value":1327,"label":"Tables \u00e0 caf\u00e9"}],"product_tag":[{"value":1482,"label":"Vreeland"}]},"featured_image_src_large":["https:\/\/www.avenuedesigncanada.com\/wp-content\/uploads\/2022\/08\/116206_4_1_1-2-1024x1024.jpg",1024,1024,true],"author_info":[],"comment_info":"","_links":{"self":[{"href":"https:\/\/www.avenuedesigncanada.com\/fr\/wp-json\/wp\/v2\/product\/174478","targetHints":{"allow":["GET"]}}],"collection":[{"href":"https:\/\/www.avenuedesigncanada.com\/fr\/wp-json\/wp\/v2\/product"}],"about":[{"href":"https:\/\/www.avenuedesigncanada.com\/fr\/wp-json\/wp\/v2\/types\/product"}],"wp:featuredmedia":[{"embeddable":true,"href":"https:\/\/www.avenuedesigncanada.com\/fr\/wp-json\/wp\/v2\/media\/156329"}],"wp:attachment":[{"href":"https:\/\/www.avenuedesigncanada.com\/fr\/wp-json\/wp\/v2\/media?parent=174478"}],"wp:term":[{"taxonomy":"product_brand","embeddable":true,"href":"https:\/\/www.avenuedesigncanada.com\/fr\/wp-json\/wp\/v2\/product_brand?post=174478"},{"taxonomy":"product_cat","embeddable":true,"href":"https:\/\/www.avenuedesigncanada.com\/fr\/wp-json\/wp\/v2\/product_cat?post=174478"},{"taxonomy":"product_tag","embeddable":true,"href":"https:\/\/www.avenuedesigncanada.com\/fr\/wp-json\/wp\/v2\/product_tag?post=174478"}],"curies":[{"name":"wp","href":"https:\/\/api.w.org\/{rel}","templated":true}]}}