{"id":177062,"date":"2022-10-13T09:58:52","date_gmt":"2022-10-13T13:58:52","guid":{"rendered":"https:\/\/www.avenuedesigncanada.com\/product\/costa-dining-chair\/"},"modified":"2026-02-11T16:07:12","modified_gmt":"2026-02-11T21:07:12","slug":"chaise-costa","status":"publish","type":"product","link":"https:\/\/www.avenuedesigncanada.com\/fr\/product\/chaise-costa\/","title":{"rendered":"Chaise Costa &#8211; Cambon Black"},"content":{"rendered":"<p><em>La chaise de salle \u00e0 manger Costa pr\u00e9sente les caract\u00e9ristiques suivantes :<\/em><br \/>\nTissu noir Cambon<br \/>\nPieds en bois noir<\/p>\n<p>Vous avez des questions sur ce produit ? Nos concepteurs sont l\u00e0 pour vous aider. Appelez-nous au (514) 340-9351  <\/p>\n","protected":false},"excerpt":{"rendered":"<p>Ajoutez une touche de chic vintage \u00e0 votre salle \u00e0 manger avec la chaise Costa. Cette charmante chaise de salle \u00e0 manger anime chaque maison avec son style sans effort. Avec ses pieds en bois noirs effil\u00e9s et sa tapisserie noire Cambon, le haut dossier rend cette chaise aussi confortable qu&rsquo;\u00e9l\u00e9gante.<\/p>\n","protected":false},"featured_media":177028,"template":"","meta":{"_kad_blocks_custom_css":"","_kad_blocks_head_custom_js":"","_kad_blocks_body_custom_js":"","_kad_blocks_footer_custom_js":"","_kad_post_transparent":"","_kad_post_title":"","_kad_post_layout":"","_kad_post_sidebar_id":"","_kad_post_content_style":"","_kad_post_vertical_padding":"","_kad_post_feature":"","_kad_post_feature_position":"","_kad_post_header":false,"_kad_post_footer":false,"_kad_post_classname":""},"product_brand":[],"product_cat":[1302],"product_tag":[1482],"class_list":{"0":"post-177062","1":"product","2":"type-product","3":"status-publish","4":"has-post-thumbnail","6":"product_cat-chaises","7":"product_tag-vreeland-fr-2","9":"first","10":"instock","11":"taxable","12":"shipping-taxable","13":"product-type-simple","14":"entry","15":"content-bg","16":"loop-entry"},"taxonomy_info":{"product_cat":[{"value":1302,"label":"Chaises"}],"product_tag":[{"value":1482,"label":"Vreeland"}]},"featured_image_src_large":["https:\/\/www.avenuedesigncanada.com\/wp-content\/uploads\/2022\/10\/A116514_2_1_1-1024x1024.jpg",1024,1024,true],"author_info":[],"comment_info":"","_links":{"self":[{"href":"https:\/\/www.avenuedesigncanada.com\/fr\/wp-json\/wp\/v2\/product\/177062","targetHints":{"allow":["GET"]}}],"collection":[{"href":"https:\/\/www.avenuedesigncanada.com\/fr\/wp-json\/wp\/v2\/product"}],"about":[{"href":"https:\/\/www.avenuedesigncanada.com\/fr\/wp-json\/wp\/v2\/types\/product"}],"wp:featuredmedia":[{"embeddable":true,"href":"https:\/\/www.avenuedesigncanada.com\/fr\/wp-json\/wp\/v2\/media\/177028"}],"wp:attachment":[{"href":"https:\/\/www.avenuedesigncanada.com\/fr\/wp-json\/wp\/v2\/media?parent=177062"}],"wp:term":[{"taxonomy":"product_brand","embeddable":true,"href":"https:\/\/www.avenuedesigncanada.com\/fr\/wp-json\/wp\/v2\/product_brand?post=177062"},{"taxonomy":"product_cat","embeddable":true,"href":"https:\/\/www.avenuedesigncanada.com\/fr\/wp-json\/wp\/v2\/product_cat?post=177062"},{"taxonomy":"product_tag","embeddable":true,"href":"https:\/\/www.avenuedesigncanada.com\/fr\/wp-json\/wp\/v2\/product_tag?post=177062"}],"curies":[{"name":"wp","href":"https:\/\/api.w.org\/{rel}","templated":true}]}}