{"id":177904,"date":"2022-10-13T12:20:15","date_gmt":"2022-10-13T16:20:15","guid":{"rendered":"https:\/\/www.avenuedesigncanada.com\/product\/oneil-dining-chair-cambon-black\/"},"modified":"2026-02-11T16:07:14","modified_gmt":"2026-02-11T21:07:14","slug":"chaise-oneill-cambon-noir","status":"publish","type":"product","link":"https:\/\/www.avenuedesigncanada.com\/fr\/product\/chaise-oneill-cambon-noir\/","title":{"rendered":"Chaise O&rsquo;Neill &#8211; Cambon Black"},"content":{"rendered":"<p><em>La chaise de salle \u00e0 manger O&rsquo;Neill pr\u00e9sente les caract\u00e9ristiques suivantes :<\/em><br \/>\nTissu noir Cambon<br \/>\nBase pivotante en finition noire<\/p>\n<p>Vous avez des questions sur ce produit ? Nos concepteurs sont l\u00e0 pour vous aider. Appelez-nous au (514) 340-9351  <\/p>\n","protected":false},"excerpt":{"rendered":"<p>La chaise de salle \u00e0 manger O&rsquo;Neill est con\u00e7ue pour une vie moderne avec une touche de drame. Recouverte de tissu noir Cambon, elle est dot\u00e9e d&rsquo;une \u00e9l\u00e9gante base pivotante en finition noire qui ajoute \u00e0 la fois au confort et \u00e0 la fonctionnalit\u00e9. Son profil raffin\u00e9 la rend id\u00e9ale pour les salles \u00e0 manger \u00e9l\u00e9gantes et les espaces multifonctionnels.  <\/p>\n","protected":false},"featured_media":177864,"template":"","meta":{"_kad_blocks_custom_css":"","_kad_blocks_head_custom_js":"","_kad_blocks_body_custom_js":"","_kad_blocks_footer_custom_js":"","_kad_post_transparent":"","_kad_post_title":"","_kad_post_layout":"","_kad_post_sidebar_id":"","_kad_post_content_style":"","_kad_post_vertical_padding":"","_kad_post_feature":"","_kad_post_feature_position":"","_kad_post_header":false,"_kad_post_footer":false,"_kad_post_classname":""},"product_brand":[],"product_cat":[1302],"product_tag":[1482],"class_list":{"0":"post-177904","1":"product","2":"type-product","3":"status-publish","4":"has-post-thumbnail","6":"product_cat-chaises","7":"product_tag-vreeland-fr-2","9":"first","10":"instock","11":"taxable","12":"shipping-taxable","13":"product-type-simple","14":"entry","15":"content-bg","16":"loop-entry"},"taxonomy_info":{"product_cat":[{"value":1302,"label":"Chaises"}],"product_tag":[{"value":1482,"label":"Vreeland"}]},"featured_image_src_large":["https:\/\/www.avenuedesigncanada.com\/wp-content\/uploads\/2022\/10\/A115387_2_1_1-1024x1024.jpg",1024,1024,true],"author_info":[],"comment_info":"","_links":{"self":[{"href":"https:\/\/www.avenuedesigncanada.com\/fr\/wp-json\/wp\/v2\/product\/177904","targetHints":{"allow":["GET"]}}],"collection":[{"href":"https:\/\/www.avenuedesigncanada.com\/fr\/wp-json\/wp\/v2\/product"}],"about":[{"href":"https:\/\/www.avenuedesigncanada.com\/fr\/wp-json\/wp\/v2\/types\/product"}],"wp:featuredmedia":[{"embeddable":true,"href":"https:\/\/www.avenuedesigncanada.com\/fr\/wp-json\/wp\/v2\/media\/177864"}],"wp:attachment":[{"href":"https:\/\/www.avenuedesigncanada.com\/fr\/wp-json\/wp\/v2\/media?parent=177904"}],"wp:term":[{"taxonomy":"product_brand","embeddable":true,"href":"https:\/\/www.avenuedesigncanada.com\/fr\/wp-json\/wp\/v2\/product_brand?post=177904"},{"taxonomy":"product_cat","embeddable":true,"href":"https:\/\/www.avenuedesigncanada.com\/fr\/wp-json\/wp\/v2\/product_cat?post=177904"},{"taxonomy":"product_tag","embeddable":true,"href":"https:\/\/www.avenuedesigncanada.com\/fr\/wp-json\/wp\/v2\/product_tag?post=177904"}],"curies":[{"name":"wp","href":"https:\/\/api.w.org\/{rel}","templated":true}]}}