{"id":178962,"date":"2022-10-14T09:22:45","date_gmt":"2022-10-14T13:22:45","guid":{"rendered":"https:\/\/www.avenuedesigncanada.com\/product\/inger-sofa\/"},"modified":"2026-02-11T16:07:15","modified_gmt":"2026-02-11T21:07:15","slug":"sofa-inger","status":"publish","type":"product","link":"https:\/\/www.avenuedesigncanada.com\/fr\/product\/sofa-inger\/","title":{"rendered":"Sofa Inger"},"content":{"rendered":"<p><em>Le canap\u00e9 Inger pr\u00e9sente les caract\u00e9ristiques suivantes :<\/em><\/p>\n<p>Tissu boucl\u00e9 cr\u00e8me<br \/>\nBase au fini laiton bross\u00e9<\/p>\n<p>Vous avez des questions sur ce produit ?<br \/>\nNos designers sont l\u00e0 pour vous aider.<br \/>\nAppelez-nous au (514) 340-9351<\/p>\n","protected":false},"excerpt":{"rendered":"<p>Le canap\u00e9 Inger est con\u00e7u avec des courbes organiques et des coutures profondes pour un aspect doux et sculptural. Rembourr\u00e9 en bouclette cr\u00e8me et associ\u00e9 \u00e0 une base en laiton bross\u00e9, il apporte chaleur et \u00e9l\u00e9gance naturelle \u00e0 tout int\u00e9rieur.   <\/p>\n","protected":false},"featured_media":178924,"template":"","meta":{"_kad_blocks_custom_css":"","_kad_blocks_head_custom_js":"","_kad_blocks_body_custom_js":"","_kad_blocks_footer_custom_js":"","_kad_post_transparent":"","_kad_post_title":"","_kad_post_layout":"","_kad_post_sidebar_id":"","_kad_post_content_style":"","_kad_post_vertical_padding":"","_kad_post_feature":"","_kad_post_feature_position":"","_kad_post_header":false,"_kad_post_footer":false,"_kad_post_classname":""},"product_brand":[],"product_cat":[1331],"product_tag":[1482],"class_list":{"0":"post-178962","1":"product","2":"type-product","3":"status-publish","4":"has-post-thumbnail","6":"product_cat-canapes-haut-de-gamme","7":"product_tag-vreeland-fr-2","9":"first","10":"instock","11":"taxable","12":"shipping-taxable","13":"product-type-simple","14":"entry","15":"content-bg","16":"loop-entry"},"taxonomy_info":{"product_cat":[{"value":1331,"label":"Canap\u00e9s"}],"product_tag":[{"value":1482,"label":"Vreeland"}]},"featured_image_src_large":["https:\/\/www.avenuedesigncanada.com\/wp-content\/uploads\/2022\/10\/A116448_2_1_1-2-1024x1024.jpg",1024,1024,true],"author_info":[],"comment_info":"","_links":{"self":[{"href":"https:\/\/www.avenuedesigncanada.com\/fr\/wp-json\/wp\/v2\/product\/178962","targetHints":{"allow":["GET"]}}],"collection":[{"href":"https:\/\/www.avenuedesigncanada.com\/fr\/wp-json\/wp\/v2\/product"}],"about":[{"href":"https:\/\/www.avenuedesigncanada.com\/fr\/wp-json\/wp\/v2\/types\/product"}],"wp:featuredmedia":[{"embeddable":true,"href":"https:\/\/www.avenuedesigncanada.com\/fr\/wp-json\/wp\/v2\/media\/178924"}],"wp:attachment":[{"href":"https:\/\/www.avenuedesigncanada.com\/fr\/wp-json\/wp\/v2\/media?parent=178962"}],"wp:term":[{"taxonomy":"product_brand","embeddable":true,"href":"https:\/\/www.avenuedesigncanada.com\/fr\/wp-json\/wp\/v2\/product_brand?post=178962"},{"taxonomy":"product_cat","embeddable":true,"href":"https:\/\/www.avenuedesigncanada.com\/fr\/wp-json\/wp\/v2\/product_cat?post=178962"},{"taxonomy":"product_tag","embeddable":true,"href":"https:\/\/www.avenuedesigncanada.com\/fr\/wp-json\/wp\/v2\/product_tag?post=178962"}],"curies":[{"name":"wp","href":"https:\/\/api.w.org\/{rel}","templated":true}]}}