{"id":187549,"date":"2022-08-13T12:48:03","date_gmt":"2022-08-13T16:48:03","guid":{"rendered":"https:\/\/www.avenuedesigncanada.com\/product\/jane-credenza\/"},"modified":"2026-02-11T16:07:33","modified_gmt":"2026-02-11T21:07:33","slug":"credence-jane","status":"publish","type":"product","link":"https:\/\/www.avenuedesigncanada.com\/fr\/product\/credence-jane\/","title":{"rendered":"Cr\u00e9dence Jane"},"content":{"rendered":"<p>            <em>Les caract\u00e9ristiques de la cr\u00e9dence Jane:<\/em><\/p>\n<p>          <span>M\u00e9ranti finition mocca<br \/>\nQuincaillerie en finition bronze moyen<\/span><\/p>\n<p>          <span>Avec sa belle marqueterie et ses poign\u00e9es en finition bronze moyen, la commode Jane donnera \u00e0 votre int\u00e9rieur un attrait moderne mais intemporel. Les motifs g\u00e9om\u00e9triques en bois massif de m\u00e9ranti sur les panneaux de porte cr\u00e9ent un effet 3D saisissant.<\/span><\/p>\n","protected":false},"excerpt":{"rendered":"<p>          <span>Avez-vous des questions \u00e0 propos de ce produit ?<\/span><\/p>\n<p>          <span>Nos designers sont l\u00e0 pour vous aider. <\/span><br \/>\n          <strong>Appelez-nous au (514) 340-9351<\/strong><\/p>\n","protected":false},"featured_media":156371,"template":"","meta":{"_kad_blocks_custom_css":"","_kad_blocks_head_custom_js":"","_kad_blocks_body_custom_js":"","_kad_blocks_footer_custom_js":"","_kad_post_transparent":"","_kad_post_title":"","_kad_post_layout":"","_kad_post_sidebar_id":"","_kad_post_content_style":"","_kad_post_vertical_padding":"","_kad_post_feature":"","_kad_post_feature_position":"","_kad_post_header":false,"_kad_post_footer":false,"_kad_post_classname":""},"product_brand":[],"product_cat":[1303],"product_tag":[1482],"class_list":{"0":"post-187549","1":"product","2":"type-product","3":"status-publish","4":"has-post-thumbnail","6":"product_cat-buffets","7":"product_tag-vreeland-fr-2","9":"first","10":"instock","11":"product-type-simple","12":"entry","13":"content-bg","14":"loop-entry"},"taxonomy_info":{"product_cat":[{"value":1303,"label":"Buffets"}],"product_tag":[{"value":1482,"label":"Vreeland"}]},"featured_image_src_large":["https:\/\/www.avenuedesigncanada.com\/wp-content\/uploads\/2022\/08\/113798_0_1_1-2-1024x1024.jpg",1024,1024,true],"author_info":[],"comment_info":"","_links":{"self":[{"href":"https:\/\/www.avenuedesigncanada.com\/fr\/wp-json\/wp\/v2\/product\/187549","targetHints":{"allow":["GET"]}}],"collection":[{"href":"https:\/\/www.avenuedesigncanada.com\/fr\/wp-json\/wp\/v2\/product"}],"about":[{"href":"https:\/\/www.avenuedesigncanada.com\/fr\/wp-json\/wp\/v2\/types\/product"}],"wp:featuredmedia":[{"embeddable":true,"href":"https:\/\/www.avenuedesigncanada.com\/fr\/wp-json\/wp\/v2\/media\/156371"}],"wp:attachment":[{"href":"https:\/\/www.avenuedesigncanada.com\/fr\/wp-json\/wp\/v2\/media?parent=187549"}],"wp:term":[{"taxonomy":"product_brand","embeddable":true,"href":"https:\/\/www.avenuedesigncanada.com\/fr\/wp-json\/wp\/v2\/product_brand?post=187549"},{"taxonomy":"product_cat","embeddable":true,"href":"https:\/\/www.avenuedesigncanada.com\/fr\/wp-json\/wp\/v2\/product_cat?post=187549"},{"taxonomy":"product_tag","embeddable":true,"href":"https:\/\/www.avenuedesigncanada.com\/fr\/wp-json\/wp\/v2\/product_tag?post=187549"}],"curies":[{"name":"wp","href":"https:\/\/api.w.org\/{rel}","templated":true}]}}