{"id":211625,"date":"2023-01-09T14:57:44","date_gmt":"2023-01-09T19:57:44","guid":{"rendered":"https:\/\/www.avenuedesigncanada.com\/?post_type=product&#038;p=211625"},"modified":"2026-02-11T16:08:03","modified_gmt":"2026-02-11T21:08:03","slug":"lit-traineau-modulum","status":"publish","type":"product","link":"https:\/\/www.avenuedesigncanada.com\/fr\/product\/lit-traineau-modulum\/","title":{"rendered":"Table de chevet Modulum"},"content":{"rendered":"<p><em>La table de nuit Modulum pr\u00e9sente les caract\u00e9ristiques suivantes :<\/em><br \/>\nPanneaux d&rsquo;extr\u00e9mit\u00e9 et galerie en fausse pierre au fini Adobe<br \/>\nDessus et tiroirs en placage de bois d&rsquo;ing\u00e9nierie au fini Sahara<br \/>\nRail de galerie autour du dos et des c\u00f4t\u00e9s<br \/>\nTrois tiroirs encastr\u00e9s \u00e0 fermeture progressive<br \/>\nPoign\u00e9es m\u00e9talliques au fini acier inoxydable poli<br \/>\nChargeur USB \u00e0 deux ports au dos<br \/>\nPatins r\u00e9glables<br \/>\nTrousse anti-basculement incluse<\/p>\n<p>Avez-vous des questions \u00e0 propos de ce produit ? Nos designers sont l\u00e0 pour vous aider.  Appelez-nous au (514) 340-9351<\/p>\n","protected":false},"excerpt":{"rendered":"<p>Avec son design inspir\u00e9 des styles modernes du milieu du si\u00e8cle, la table de nuit Modulum est finie en Sahara avec un bo\u00eetier central qui flotte entre des panneaux lat\u00e9raux blanc Adobe . Une moulure autour du dessus est \u00e9galement finie en Adobe. Un ensemble encastr\u00e9 de trois tiroirs \u00e0 fermeture douce est mis en valeur par une quincaillerie m\u00e9tallique au design r\u00e9solument r\u00e9tro. Pour ajouter de la fonctionnalit\u00e9 \u00e0 la forme, un chargeur USB \u00e0 deux ports est int\u00e9gr\u00e9 \u00e0 l&rsquo;arri\u00e8re du meuble.<\/p>\n","protected":false},"featured_media":211664,"template":"","meta":{"_kad_blocks_custom_css":"","_kad_blocks_head_custom_js":"","_kad_blocks_body_custom_js":"","_kad_blocks_footer_custom_js":"","_kad_post_transparent":"","_kad_post_title":"","_kad_post_layout":"","_kad_post_sidebar_id":"","_kad_post_content_style":"","_kad_post_vertical_padding":"","_kad_post_feature":"","_kad_post_feature_position":"","_kad_post_header":false,"_kad_post_footer":false,"_kad_post_classname":""},"product_brand":[],"product_cat":[1299],"product_tag":[1844],"class_list":{"0":"post-211625","1":"product","2":"type-product","3":"status-publish","4":"has-post-thumbnail","6":"product_cat-tables-de-nuit","7":"product_tag-barcelona-cg-fr-2","9":"first","10":"instock","11":"taxable","12":"shipping-taxable","13":"product-type-simple","14":"entry","15":"content-bg","16":"loop-entry"},"taxonomy_info":{"product_cat":[{"value":1299,"label":"Tables de chevet"}],"product_tag":[{"value":1844,"label":"BARCELONA - CG"}]},"featured_image_src_large":["https:\/\/www.avenuedesigncanada.com\/wp-content\/uploads\/2023\/01\/315226-1024x1024.jpg",1024,1024,true],"author_info":[],"comment_info":"","_links":{"self":[{"href":"https:\/\/www.avenuedesigncanada.com\/fr\/wp-json\/wp\/v2\/product\/211625","targetHints":{"allow":["GET"]}}],"collection":[{"href":"https:\/\/www.avenuedesigncanada.com\/fr\/wp-json\/wp\/v2\/product"}],"about":[{"href":"https:\/\/www.avenuedesigncanada.com\/fr\/wp-json\/wp\/v2\/types\/product"}],"wp:featuredmedia":[{"embeddable":true,"href":"https:\/\/www.avenuedesigncanada.com\/fr\/wp-json\/wp\/v2\/media\/211664"}],"wp:attachment":[{"href":"https:\/\/www.avenuedesigncanada.com\/fr\/wp-json\/wp\/v2\/media?parent=211625"}],"wp:term":[{"taxonomy":"product_brand","embeddable":true,"href":"https:\/\/www.avenuedesigncanada.com\/fr\/wp-json\/wp\/v2\/product_brand?post=211625"},{"taxonomy":"product_cat","embeddable":true,"href":"https:\/\/www.avenuedesigncanada.com\/fr\/wp-json\/wp\/v2\/product_cat?post=211625"},{"taxonomy":"product_tag","embeddable":true,"href":"https:\/\/www.avenuedesigncanada.com\/fr\/wp-json\/wp\/v2\/product_tag?post=211625"}],"curies":[{"name":"wp","href":"https:\/\/api.w.org\/{rel}","templated":true}]}}