{"id":248642,"date":"2023-08-08T12:53:47","date_gmt":"2023-08-08T16:53:47","guid":{"rendered":"https:\/\/www.avenuedesigncanada.com\/?post_type=product&#038;p=248642"},"modified":"2026-02-12T10:16:34","modified_gmt":"2026-02-12T15:16:34","slug":"table-de-chevet-prado-3","status":"publish","type":"product","link":"https:\/\/www.avenuedesigncanada.com\/fr\/product\/table-de-chevet-prado-3\/","title":{"rendered":"Table de chevet Prado"},"content":{"rendered":"<p><em>La table de nuit Prado pr\u00e9sente les caract\u00e9ristiques suivantes :<\/em><br \/>\nPlacages de ch\u00eane blanc bross\u00e9 au fil m\u00e9tallique en finition Tawny<br \/>\nDeux tiroirs \u00e0 fermeture progressive avec fa\u00e7ades de tiroirs en r\u00e9sine moul\u00e9e \u00e0 caissons<br \/>\nPoign\u00e9es de tiroirs en m\u00e9tal en finition Bright Graphite<br \/>\nChargeur USB \u00e0 deux ports \u00e0 l&rsquo;arri\u00e8re de la caisse<br \/>\nPatins r\u00e9glables<br \/>\nKit anti-basculement inclus<br \/>\nNon con\u00e7u pour une utilisation avec un t\u00e9l\u00e9viseur.<\/p>\n<p>Avez-vous des questions \u00e0 propos de ce produit ? Nos designers sont l\u00e0 pour vous aider.  Appelez-nous au (514) 340-9351<\/p>\n","protected":false},"excerpt":{"rendered":"<p>La finition Porcini profonde de la table de nuit Prado est \u00e9quilibr\u00e9e par l&rsquo;\u00e9clat des d\u00e9tails m\u00e9talliques. Deux tiroirs offrent un espace de rangement, les fa\u00e7ades des tiroirs \u00e9tant soulign\u00e9s par un cadre en m\u00e9tal ins\u00e9r\u00e9 dans la finition Bright Graphite. Un syst\u00e8me de chargement USB \u00e0 deux ports est inclus au dos du caissson.<\/p>\n","protected":false},"featured_media":248652,"template":"","meta":{"_kad_blocks_custom_css":"","_kad_blocks_head_custom_js":"","_kad_blocks_body_custom_js":"","_kad_blocks_footer_custom_js":"","_kad_post_transparent":"","_kad_post_title":"","_kad_post_layout":"","_kad_post_sidebar_id":"","_kad_post_content_style":"","_kad_post_vertical_padding":"","_kad_post_feature":"","_kad_post_feature_position":"","_kad_post_header":false,"_kad_post_footer":false,"_kad_post_classname":""},"product_brand":[],"product_cat":[1299],"product_tag":[1844],"class_list":{"0":"post-248642","1":"product","2":"type-product","3":"status-publish","4":"has-post-thumbnail","6":"product_cat-tables-de-nuit","7":"product_tag-barcelona-cg-fr-2","9":"first","10":"instock","11":"taxable","12":"shipping-taxable","13":"product-type-simple","14":"entry","15":"content-bg","16":"loop-entry"},"taxonomy_info":{"product_cat":[{"value":1299,"label":"Tables de chevet"}],"product_tag":[{"value":1844,"label":"BARCELONA - CG"}]},"featured_image_src_large":["https:\/\/www.avenuedesigncanada.com\/wp-content\/uploads\/2023\/08\/324232B-1024x1024.jpg",1024,1024,true],"author_info":[],"comment_info":"","_links":{"self":[{"href":"https:\/\/www.avenuedesigncanada.com\/fr\/wp-json\/wp\/v2\/product\/248642","targetHints":{"allow":["GET"]}}],"collection":[{"href":"https:\/\/www.avenuedesigncanada.com\/fr\/wp-json\/wp\/v2\/product"}],"about":[{"href":"https:\/\/www.avenuedesigncanada.com\/fr\/wp-json\/wp\/v2\/types\/product"}],"wp:featuredmedia":[{"embeddable":true,"href":"https:\/\/www.avenuedesigncanada.com\/fr\/wp-json\/wp\/v2\/media\/248652"}],"wp:attachment":[{"href":"https:\/\/www.avenuedesigncanada.com\/fr\/wp-json\/wp\/v2\/media?parent=248642"}],"wp:term":[{"taxonomy":"product_brand","embeddable":true,"href":"https:\/\/www.avenuedesigncanada.com\/fr\/wp-json\/wp\/v2\/product_brand?post=248642"},{"taxonomy":"product_cat","embeddable":true,"href":"https:\/\/www.avenuedesigncanada.com\/fr\/wp-json\/wp\/v2\/product_cat?post=248642"},{"taxonomy":"product_tag","embeddable":true,"href":"https:\/\/www.avenuedesigncanada.com\/fr\/wp-json\/wp\/v2\/product_tag?post=248642"}],"curies":[{"name":"wp","href":"https:\/\/api.w.org\/{rel}","templated":true}]}}