{"id":249416,"date":"2023-08-15T12:03:58","date_gmt":"2023-08-15T16:03:58","guid":{"rendered":"https:\/\/www.avenuedesigncanada.com\/?post_type=product&#038;p=249416"},"modified":"2026-02-12T10:16:35","modified_gmt":"2026-02-12T15:16:35","slug":"commode-haute-prado","status":"publish","type":"product","link":"https:\/\/www.avenuedesigncanada.com\/fr\/product\/commode-haute-prado\/","title":{"rendered":"Commode haute Prado"},"content":{"rendered":"<p><em>La grande commode Prado pr\u00e9sente les caract\u00e9ristiques suivantes :<\/em><br \/>\nBois de fr\u00eane massif et placage de ch\u00eane coup\u00e9 en quatre au fini Porcini avec fa\u00e7ades de tiroirs en aluminium moul\u00e9 textur\u00e9 au fini Graphite brillant. Cinq tiroirs \u00e0 ouverture par pouss\u00e9e et \u00e0 fermeture progressive en tailles altern\u00e9es, glissi\u00e8res r\u00e9glables et kit anti-basculement inclus. Ne convient pas pour un t\u00e9l\u00e9viseur.  <\/p>\n<p>Vous avez des questions sur ce produit ?<br \/>\nNos concepteurs sont l\u00e0 pour vous aider.<br \/>\nAppelez-nous au (514) 340-9351<\/p>\n","protected":false},"excerpt":{"rendered":"<p>La commode haute Prado donne une nouvelle forme \u00e0 l&rsquo;id\u00e9e de rusticit\u00e9 moderne. Cinq tiroirs \u00e0 ouverture par pression sont dot\u00e9s de fa\u00e7ades de tiroirs en aluminium moul\u00e9 textur\u00e9, finition Bright Graphite. Trois grands tiroirs et deux petits tiroirs alternent sur la commode, dont le caisson est fini en Porcini.<\/p>\n","protected":false},"featured_media":249418,"template":"","meta":{"_kad_blocks_custom_css":"","_kad_blocks_head_custom_js":"","_kad_blocks_body_custom_js":"","_kad_blocks_footer_custom_js":"","_kad_post_transparent":"","_kad_post_title":"","_kad_post_layout":"","_kad_post_sidebar_id":"","_kad_post_content_style":"","_kad_post_vertical_padding":"","_kad_post_feature":"","_kad_post_feature_position":"","_kad_post_header":false,"_kad_post_footer":false,"_kad_post_classname":""},"product_brand":[],"product_cat":[1298],"product_tag":[1844],"class_list":{"0":"post-249416","1":"product","2":"type-product","3":"status-publish","4":"has-post-thumbnail","6":"product_cat-commodes","7":"product_tag-barcelona-cg-fr-2","9":"first","10":"instock","11":"taxable","12":"shipping-taxable","13":"product-type-simple","14":"entry","15":"content-bg","16":"loop-entry"},"taxonomy_info":{"product_cat":[{"value":1298,"label":"Commodes"}],"product_tag":[{"value":1844,"label":"BARCELONA - CG"}]},"featured_image_src_large":["https:\/\/www.avenuedesigncanada.com\/wp-content\/uploads\/2023\/08\/324118B-1024x1024.jpg",1024,1024,true],"author_info":[],"comment_info":"","_links":{"self":[{"href":"https:\/\/www.avenuedesigncanada.com\/fr\/wp-json\/wp\/v2\/product\/249416","targetHints":{"allow":["GET"]}}],"collection":[{"href":"https:\/\/www.avenuedesigncanada.com\/fr\/wp-json\/wp\/v2\/product"}],"about":[{"href":"https:\/\/www.avenuedesigncanada.com\/fr\/wp-json\/wp\/v2\/types\/product"}],"wp:featuredmedia":[{"embeddable":true,"href":"https:\/\/www.avenuedesigncanada.com\/fr\/wp-json\/wp\/v2\/media\/249418"}],"wp:attachment":[{"href":"https:\/\/www.avenuedesigncanada.com\/fr\/wp-json\/wp\/v2\/media?parent=249416"}],"wp:term":[{"taxonomy":"product_brand","embeddable":true,"href":"https:\/\/www.avenuedesigncanada.com\/fr\/wp-json\/wp\/v2\/product_brand?post=249416"},{"taxonomy":"product_cat","embeddable":true,"href":"https:\/\/www.avenuedesigncanada.com\/fr\/wp-json\/wp\/v2\/product_cat?post=249416"},{"taxonomy":"product_tag","embeddable":true,"href":"https:\/\/www.avenuedesigncanada.com\/fr\/wp-json\/wp\/v2\/product_tag?post=249416"}],"curies":[{"name":"wp","href":"https:\/\/api.w.org\/{rel}","templated":true}]}}