{"id":255898,"date":"2023-10-23T12:22:27","date_gmt":"2023-10-23T16:22:27","guid":{"rendered":"https:\/\/www.avenuedesigncanada.com\/?post_type=product&#038;p=255898"},"modified":"2026-02-12T10:17:03","modified_gmt":"2026-02-12T15:17:03","slug":"chaise-a-bras-ona","status":"publish","type":"product","link":"https:\/\/www.avenuedesigncanada.com\/fr\/product\/chaise-a-bras-ona\/","title":{"rendered":"Chaise \u00e0 bras Ona"},"content":{"rendered":"<p><em>Les caract\u00e9ristiques de la chaise \u00e0 bras Ona:<\/em><\/p>\n<p>Fauteuil avec dossier et accoudoirs ovales incurv\u00e9s et assise incurv\u00e9e<br \/>\nStructure en acier inoxydable poli<br \/>\nTissu : 1071-221<br \/>\nVous avez des questions sur ce produit ? Nos designers sont l\u00e0 pour vous aider. Appelez-nous au (514) 340-9351  <\/p>\n","protected":false},"excerpt":{"rendered":"<p>La chaise \u00e0 bras Forma est un \u00e9quilibre parfait entre les angles et les courbes. Le cadre en ch\u00eane apparent, en finition Bluff, est dot\u00e9 de pieds \u00e0 angles vifs et effil\u00e9s. Un dossier et une assise incurv\u00e9s sont recouverts d&rsquo;un style sur mesure, ajoutant du confort au design moderne.<\/p>\n","protected":false},"featured_media":255918,"template":"","meta":{"_kad_blocks_custom_css":"","_kad_blocks_head_custom_js":"","_kad_blocks_body_custom_js":"","_kad_blocks_footer_custom_js":"","_kad_post_transparent":"","_kad_post_title":"","_kad_post_layout":"","_kad_post_sidebar_id":"","_kad_post_content_style":"","_kad_post_vertical_padding":"","_kad_post_feature":"","_kad_post_feature_position":"","_kad_post_header":false,"_kad_post_footer":false,"_kad_post_classname":""},"product_brand":[],"product_cat":[1302],"product_tag":[1365],"class_list":{"0":"post-255898","1":"product","2":"type-product","3":"status-publish","4":"has-post-thumbnail","6":"product_cat-chaises","7":"product_tag-barcelona-fr-2","9":"first","10":"instock","11":"taxable","12":"shipping-taxable","13":"product-type-simple","14":"entry","15":"content-bg","16":"loop-entry"},"taxonomy_info":{"product_cat":[{"value":1302,"label":"Chaises"}],"product_tag":[{"value":1365,"label":"BARCELONA"}]},"featured_image_src_large":["https:\/\/www.avenuedesigncanada.com\/wp-content\/uploads\/2023\/10\/321566_103-1024x1024.jpg",1024,1024,true],"author_info":[],"comment_info":"","_links":{"self":[{"href":"https:\/\/www.avenuedesigncanada.com\/fr\/wp-json\/wp\/v2\/product\/255898","targetHints":{"allow":["GET"]}}],"collection":[{"href":"https:\/\/www.avenuedesigncanada.com\/fr\/wp-json\/wp\/v2\/product"}],"about":[{"href":"https:\/\/www.avenuedesigncanada.com\/fr\/wp-json\/wp\/v2\/types\/product"}],"wp:featuredmedia":[{"embeddable":true,"href":"https:\/\/www.avenuedesigncanada.com\/fr\/wp-json\/wp\/v2\/media\/255918"}],"wp:attachment":[{"href":"https:\/\/www.avenuedesigncanada.com\/fr\/wp-json\/wp\/v2\/media?parent=255898"}],"wp:term":[{"taxonomy":"product_brand","embeddable":true,"href":"https:\/\/www.avenuedesigncanada.com\/fr\/wp-json\/wp\/v2\/product_brand?post=255898"},{"taxonomy":"product_cat","embeddable":true,"href":"https:\/\/www.avenuedesigncanada.com\/fr\/wp-json\/wp\/v2\/product_cat?post=255898"},{"taxonomy":"product_tag","embeddable":true,"href":"https:\/\/www.avenuedesigncanada.com\/fr\/wp-json\/wp\/v2\/product_tag?post=255898"}],"curies":[{"name":"wp","href":"https:\/\/api.w.org\/{rel}","templated":true}]}}