{"id":273014,"date":"2024-01-15T08:58:29","date_gmt":"2024-01-15T13:58:29","guid":{"rendered":"https:\/\/www.avenuedesigncanada.com\/?post_type=product&#038;p=273014"},"modified":"2026-02-12T10:47:13","modified_gmt":"2026-02-12T15:47:13","slug":"chaise-novelle-copy","status":"publish","type":"product","link":"https:\/\/www.avenuedesigncanada.com\/fr\/product\/chaise-novelle-copy\/","title":{"rendered":"Chaise de salle \u00e0 manger Alvear"},"content":{"rendered":"<p>La chaise de salle \u00e0 manger Alvear pr\u00e9sente les caract\u00e9ristiques suivantes :<\/p>\n<p>Finition noire classique<br \/>\nsangle en rotin<\/p>\n<p>Vous avez des questions sur ce produit ? Nos concepteurs sont l\u00e0 pour vous aider. Appelez-nous au (514) 340-9351  <\/p>\n","protected":false},"excerpt":{"rendered":"<p>Cette chaise embl\u00e9matique pr\u00e9sente une finition noire classique compl\u00e9t\u00e9e par d&rsquo;\u00e9l\u00e9gantes sangles en rotin, cr\u00e9ant ainsi un look intemporel. Fabriqu\u00e9 avec un savoir-faire artisanal, le design exclusif s&rsquo;int\u00e8gre parfaitement dans tout espace de vie luxueux. D\u00e9couvrez la fusion de la tradition et de la modernit\u00e9 avec cette pi\u00e8ce de la collection exclusive de la marque de meubles Eichholtz, qui offre des solutions d&rsquo;am\u00e9nagement int\u00e9rieur in\u00e9gal\u00e9es.  <\/p>\n","protected":false},"featured_media":273028,"template":"","meta":{"_kad_blocks_custom_css":"","_kad_blocks_head_custom_js":"","_kad_blocks_body_custom_js":"","_kad_blocks_footer_custom_js":"","_kad_post_transparent":"","_kad_post_title":"","_kad_post_layout":"","_kad_post_sidebar_id":"","_kad_post_content_style":"","_kad_post_vertical_padding":"","_kad_post_feature":"","_kad_post_feature_position":"","_kad_post_header":false,"_kad_post_footer":false,"_kad_post_classname":""},"product_brand":[],"product_cat":[1302],"product_tag":[1482],"class_list":{"0":"post-273014","1":"product","2":"type-product","3":"status-publish","4":"has-post-thumbnail","6":"product_cat-chaises","7":"product_tag-vreeland-fr-2","9":"first","10":"instock","11":"taxable","12":"shipping-taxable","13":"product-type-simple","14":"entry","15":"content-bg","16":"loop-entry"},"taxonomy_info":{"product_cat":[{"value":1302,"label":"Chaises"}],"product_tag":[{"value":1482,"label":"Vreeland"}]},"featured_image_src_large":["https:\/\/www.avenuedesigncanada.com\/wp-content\/uploads\/2024\/01\/118048_0_1_1-1024x1024.jpg",1024,1024,true],"author_info":[],"comment_info":"","_links":{"self":[{"href":"https:\/\/www.avenuedesigncanada.com\/fr\/wp-json\/wp\/v2\/product\/273014","targetHints":{"allow":["GET"]}}],"collection":[{"href":"https:\/\/www.avenuedesigncanada.com\/fr\/wp-json\/wp\/v2\/product"}],"about":[{"href":"https:\/\/www.avenuedesigncanada.com\/fr\/wp-json\/wp\/v2\/types\/product"}],"wp:featuredmedia":[{"embeddable":true,"href":"https:\/\/www.avenuedesigncanada.com\/fr\/wp-json\/wp\/v2\/media\/273028"}],"wp:attachment":[{"href":"https:\/\/www.avenuedesigncanada.com\/fr\/wp-json\/wp\/v2\/media?parent=273014"}],"wp:term":[{"taxonomy":"product_brand","embeddable":true,"href":"https:\/\/www.avenuedesigncanada.com\/fr\/wp-json\/wp\/v2\/product_brand?post=273014"},{"taxonomy":"product_cat","embeddable":true,"href":"https:\/\/www.avenuedesigncanada.com\/fr\/wp-json\/wp\/v2\/product_cat?post=273014"},{"taxonomy":"product_tag","embeddable":true,"href":"https:\/\/www.avenuedesigncanada.com\/fr\/wp-json\/wp\/v2\/product_tag?post=273014"}],"curies":[{"name":"wp","href":"https:\/\/api.w.org\/{rel}","templated":true}]}}