{"id":410431,"date":"2026-03-13T16:03:29","date_gmt":"2026-03-13T20:03:29","guid":{"rendered":"https:\/\/www.avenuedesigncanada.com\/product\/buffet-calder\/"},"modified":"2026-03-13T16:24:29","modified_gmt":"2026-03-13T20:24:29","slug":"buffet-calder","status":"publish","type":"product","link":"https:\/\/www.avenuedesigncanada.com\/fr\/product\/buffet-calder\/","title":{"rendered":"Buffet Calder"},"content":{"rendered":"<p><em>Le buffet Calder pr\u00e9sente les caract\u00e9ristiques suivantes : <\/em><br \/>\nT\u00f4les plaqu\u00e9es laiton \u00e0 motif graphique, finition laiton double ton multicouche, trois portes avec loquets \u00e0 effleurement, deux tiroirs internes et une tablette r\u00e9glable, derri\u00e8re les deux portes de gauche, deux tablettes r\u00e9glables derri\u00e8re la porte de droite<br \/>\nVous avez des questions sur ce produit ?<br \/>\nNos designers sont l\u00e0 pour vous aider. Appelez-nous au (514) 340-9351<\/p>\n","protected":false},"excerpt":{"rendered":"<p>Calder se caract\u00e9rise par une finition en laiton ton sur ton \u00e0 plusieurs couches, avec un motif graphique personnalis\u00e9 inspir\u00e9 par l&rsquo;artiste Alexander Calder. Fabriqu\u00e9 \u00e0 partir d&rsquo;un laiton duo-ton unique fa\u00e7onn\u00e9 \u00e0 partir de feuilles individuelles d\u00e9coup\u00e9es au laser et assembl\u00e9es, ce design exceptionnel n&rsquo;a pas d&rsquo;\u00e9gal. Ce buffet au style avant-gardiste rehaussera n&rsquo;importe quel espace et est dot\u00e9 de trois portes \u00e0 fermeture tactile qui s&rsquo;ouvrent pour r\u00e9v\u00e9ler des tiroirs de rangement et des \u00e9tag\u00e8res r\u00e9glables.  <\/p>\n","protected":false},"featured_media":410324,"template":"","meta":{"_kad_blocks_custom_css":"","_kad_blocks_head_custom_js":"","_kad_blocks_body_custom_js":"","_kad_blocks_footer_custom_js":"","_kad_post_transparent":"","_kad_post_title":"","_kad_post_layout":"","_kad_post_sidebar_id":"","_kad_post_content_style":"","_kad_post_vertical_padding":"","_kad_post_feature":"","_kad_post_feature_position":"","_kad_post_header":false,"_kad_post_footer":false,"_kad_post_classname":""},"product_brand":[],"product_cat":[1303],"product_tag":[1369],"class_list":{"0":"post-410431","1":"product","2":"type-product","3":"status-publish","4":"has-post-thumbnail","6":"product_cat-buffets","7":"product_tag-theodore-fr","9":"first","10":"instock","11":"taxable","12":"shipping-taxable","13":"product-type-simple","14":"entry","15":"content-bg","16":"loop-entry"},"taxonomy_info":{"product_cat":[{"value":1303,"label":"Buffets"}],"product_tag":[{"value":1369,"label":"THEODORE"}]},"featured_image_src_large":["https:\/\/www.avenuedesigncanada.com\/wp-content\/uploads\/2026\/03\/Calder-Buffet-1-1024x1024.png",1024,1024,true],"author_info":[],"comment_info":"","_links":{"self":[{"href":"https:\/\/www.avenuedesigncanada.com\/fr\/wp-json\/wp\/v2\/product\/410431","targetHints":{"allow":["GET"]}}],"collection":[{"href":"https:\/\/www.avenuedesigncanada.com\/fr\/wp-json\/wp\/v2\/product"}],"about":[{"href":"https:\/\/www.avenuedesigncanada.com\/fr\/wp-json\/wp\/v2\/types\/product"}],"wp:featuredmedia":[{"embeddable":true,"href":"https:\/\/www.avenuedesigncanada.com\/fr\/wp-json\/wp\/v2\/media\/410324"}],"wp:attachment":[{"href":"https:\/\/www.avenuedesigncanada.com\/fr\/wp-json\/wp\/v2\/media?parent=410431"}],"wp:term":[{"taxonomy":"product_brand","embeddable":true,"href":"https:\/\/www.avenuedesigncanada.com\/fr\/wp-json\/wp\/v2\/product_brand?post=410431"},{"taxonomy":"product_cat","embeddable":true,"href":"https:\/\/www.avenuedesigncanada.com\/fr\/wp-json\/wp\/v2\/product_cat?post=410431"},{"taxonomy":"product_tag","embeddable":true,"href":"https:\/\/www.avenuedesigncanada.com\/fr\/wp-json\/wp\/v2\/product_tag?post=410431"}],"curies":[{"name":"wp","href":"https:\/\/api.w.org\/{rel}","templated":true}]}}