{"id":421299,"date":"2026-04-22T16:14:20","date_gmt":"2026-04-22T20:14:20","guid":{"rendered":"https:\/\/www.avenuedesigncanada.com\/product\/table-bistro-costello-235-po\/"},"modified":"2026-04-22T16:31:05","modified_gmt":"2026-04-22T20:31:05","slug":"table-bistro-costello-235-po","status":"publish","type":"product","link":"https:\/\/www.avenuedesigncanada.com\/fr\/product\/table-bistro-costello-235-po\/","title":{"rendered":"Table bistro Costello &#8211; 23,5 po"},"content":{"rendered":"<p><em>  La table bistro Costello pr\u00e9sente les caract\u00e9ristiques suivantes : <em><br \/>\n Le rev\u00eatement en poudre de la structure en aluminium ajoute une r\u00e9sistance \u00e0 la corrosion et aux intemp\u00e9ries.<\/p>\n<p>Convient pour une utilisation en int\u00e9rieur et en ext\u00e9rieur<\/p>\n<p>Appliquez des housses de protection ou rangez-les \u00e0 l&rsquo;int\u00e9rieur lorsqu&rsquo;ils ne sont pas utilis\u00e9s et en cas de mauvais temps, afin de prolonger la dur\u00e9e de vie des meubles d&rsquo;ext\u00e9rieur.<br \/>\nVous avez des questions sur ce produit ? Nos concepteurs sont l\u00e0 pour vous aider. Appelez-nous au (514) 340-9351  <\/p>\n","protected":false},"excerpt":{"rendered":"<p>Avec sa forme de pi\u00e9destal lisse, la table bistro Costello est un classique. Fabriqu\u00e9e de fa\u00e7on experte en aluminium rev\u00eatu, elle r\u00e9siste parfaitement aux \u00e9l\u00e9ments et met en valeur la beaut\u00e9 de la simplicit\u00e9. <\/p>\n","protected":false},"featured_media":421224,"template":"","meta":{"_kad_blocks_custom_css":"","_kad_blocks_head_custom_js":"","_kad_blocks_body_custom_js":"","_kad_blocks_footer_custom_js":"","_kad_post_transparent":"","_kad_post_title":"","_kad_post_layout":"","_kad_post_sidebar_id":"","_kad_post_content_style":"","_kad_post_vertical_padding":"","_kad_post_feature":"","_kad_post_feature_position":"","_kad_post_header":false,"_kad_post_footer":false,"_kad_post_classname":""},"product_brand":[],"product_cat":[2218],"product_tag":[1824],"class_list":{"0":"post-421299","1":"product","2":"type-product","3":"status-publish","4":"has-post-thumbnail","6":"product_cat-sets-de-salle-a-manger-pour-lexterieur","7":"product_tag-sol-fr","9":"first","10":"instock","11":"taxable","12":"shipping-taxable","13":"product-type-simple","14":"entry","15":"content-bg","16":"loop-entry"},"taxonomy_info":{"product_cat":[{"value":2218,"label":"Sets de salle \u00e0 manger pour l'ext\u00e9rieur"}],"product_tag":[{"value":1824,"label":"SOL"}]},"featured_image_src_large":["https:\/\/www.avenuedesigncanada.com\/wp-content\/uploads\/2026\/04\/112246V_21-1024x1024.jpg",1024,1024,true],"author_info":[],"comment_info":"","_links":{"self":[{"href":"https:\/\/www.avenuedesigncanada.com\/fr\/wp-json\/wp\/v2\/product\/421299","targetHints":{"allow":["GET"]}}],"collection":[{"href":"https:\/\/www.avenuedesigncanada.com\/fr\/wp-json\/wp\/v2\/product"}],"about":[{"href":"https:\/\/www.avenuedesigncanada.com\/fr\/wp-json\/wp\/v2\/types\/product"}],"wp:featuredmedia":[{"embeddable":true,"href":"https:\/\/www.avenuedesigncanada.com\/fr\/wp-json\/wp\/v2\/media\/421224"}],"wp:attachment":[{"href":"https:\/\/www.avenuedesigncanada.com\/fr\/wp-json\/wp\/v2\/media?parent=421299"}],"wp:term":[{"taxonomy":"product_brand","embeddable":true,"href":"https:\/\/www.avenuedesigncanada.com\/fr\/wp-json\/wp\/v2\/product_brand?post=421299"},{"taxonomy":"product_cat","embeddable":true,"href":"https:\/\/www.avenuedesigncanada.com\/fr\/wp-json\/wp\/v2\/product_cat?post=421299"},{"taxonomy":"product_tag","embeddable":true,"href":"https:\/\/www.avenuedesigncanada.com\/fr\/wp-json\/wp\/v2\/product_tag?post=421299"}],"curies":[{"name":"wp","href":"https:\/\/api.w.org\/{rel}","templated":true}]}}