{"id":421309,"date":"2026-04-22T16:14:18","date_gmt":"2026-04-22T20:14:18","guid":{"rendered":"https:\/\/www.avenuedesigncanada.com\/product\/table-de-salle-a-manger-celica-noir-55\/"},"modified":"2026-04-22T16:32:24","modified_gmt":"2026-04-22T20:32:24","slug":"table-de-salle-a-manger-celica-noir-55","status":"publish","type":"product","link":"https:\/\/www.avenuedesigncanada.com\/fr\/product\/table-de-salle-a-manger-celica-noir-55\/","title":{"rendered":"Table de salle \u00e0 manger Celica &#8211; Noir 55"},"content":{"rendered":"<p><em>  La table \u00e0 manger Celica pr\u00e9sente les caract\u00e9ristiques suivantes : <em><br \/>\n Les supports de la structure sont en fer peint par poudrage pour une plus grande solidit\u00e9.<\/p>\n<p>Le b\u00e9ton renforc\u00e9 de fibres de verre est incroyablement durable.<\/p>\n<p>Scell\u00e9 avec une couche de finition pour une protection accrue contre l&rsquo;humidit\u00e9 et les taches.<\/p>\n<p>Fabriqu\u00e9e \u00e0 partir d&rsquo;un m\u00e9lange de b\u00e9ton naturel, chaque pi\u00e8ce aura un aspect diff\u00e9rent.<\/p>\n<p>Les variations de couleur, de texture, les imperfections, les rayures de surface et les fissures capillaires non structurelles sont des qualit\u00e9s inh\u00e9rentes et appr\u00e9ci\u00e9es du b\u00e9ton.<\/p>\n<p>Appliquez des housses de protection ou rangez-les \u00e0 l&rsquo;int\u00e9rieur lorsqu&rsquo;ils ne sont pas utilis\u00e9s et en cas de mauvais temps, afin de prolonger la dur\u00e9e de vie des meubles d&rsquo;ext\u00e9rieur.<br \/>\nVous avez des questions sur ce produit ? Nos concepteurs sont l\u00e0 pour vous aider. Appelez-nous au (514) 340-9351  <\/p>\n","protected":false},"excerpt":{"rendered":"<p>Les courbes fluides de la table \u00e0 manger Celica, une pi\u00e8ce contemporaine construite en b\u00e9ton renforc\u00e9 de fibres de verre, sont parfaitement asym\u00e9triques. Propos\u00e9e dans une superbe finition noire mate, cette table de salle \u00e0 manger apporte beaut\u00e9 et style \u00e0 votre espace int\u00e9rieur ou ext\u00e9rieur. <\/p>\n","protected":false},"featured_media":421188,"template":"","meta":{"_kad_blocks_custom_css":"","_kad_blocks_head_custom_js":"","_kad_blocks_body_custom_js":"","_kad_blocks_footer_custom_js":"","_kad_post_transparent":"","_kad_post_title":"","_kad_post_layout":"","_kad_post_sidebar_id":"","_kad_post_content_style":"","_kad_post_vertical_padding":"","_kad_post_feature":"","_kad_post_feature_position":"","_kad_post_header":false,"_kad_post_footer":false,"_kad_post_classname":""},"product_brand":[],"product_cat":[2218],"product_tag":[1824],"class_list":{"0":"post-421309","1":"product","2":"type-product","3":"status-publish","4":"has-post-thumbnail","6":"product_cat-sets-de-salle-a-manger-pour-lexterieur","7":"product_tag-sol-fr","9":"first","10":"instock","11":"taxable","12":"shipping-taxable","13":"product-type-simple","14":"entry","15":"content-bg","16":"loop-entry"},"taxonomy_info":{"product_cat":[{"value":2218,"label":"Sets de salle \u00e0 manger pour l'ext\u00e9rieur"}],"product_tag":[{"value":1824,"label":"SOL"}]},"featured_image_src_large":["https:\/\/www.avenuedesigncanada.com\/wp-content\/uploads\/2026\/04\/111948-1024x1024.jpg",1024,1024,true],"author_info":[],"comment_info":"","_links":{"self":[{"href":"https:\/\/www.avenuedesigncanada.com\/fr\/wp-json\/wp\/v2\/product\/421309","targetHints":{"allow":["GET"]}}],"collection":[{"href":"https:\/\/www.avenuedesigncanada.com\/fr\/wp-json\/wp\/v2\/product"}],"about":[{"href":"https:\/\/www.avenuedesigncanada.com\/fr\/wp-json\/wp\/v2\/types\/product"}],"wp:featuredmedia":[{"embeddable":true,"href":"https:\/\/www.avenuedesigncanada.com\/fr\/wp-json\/wp\/v2\/media\/421188"}],"wp:attachment":[{"href":"https:\/\/www.avenuedesigncanada.com\/fr\/wp-json\/wp\/v2\/media?parent=421309"}],"wp:term":[{"taxonomy":"product_brand","embeddable":true,"href":"https:\/\/www.avenuedesigncanada.com\/fr\/wp-json\/wp\/v2\/product_brand?post=421309"},{"taxonomy":"product_cat","embeddable":true,"href":"https:\/\/www.avenuedesigncanada.com\/fr\/wp-json\/wp\/v2\/product_cat?post=421309"},{"taxonomy":"product_tag","embeddable":true,"href":"https:\/\/www.avenuedesigncanada.com\/fr\/wp-json\/wp\/v2\/product_tag?post=421309"}],"curies":[{"name":"wp","href":"https:\/\/api.w.org\/{rel}","templated":true}]}}