{"id":86317,"date":"2022-02-25T14:28:07","date_gmt":"2022-02-25T19:28:07","guid":{"rendered":"https:\/\/www.avenuedesigncanada.com\/?post_type=product&#038;p=86317"},"modified":"2026-02-11T15:58:17","modified_gmt":"2026-02-11T20:58:17","slug":"chaise-finch__trashed","status":"publish","type":"product","link":"https:\/\/www.avenuedesigncanada.com\/fr\/product\/chaise-finch__trashed\/","title":{"rendered":"Chaise Finch"},"content":{"rendered":"<p><em>La chaise de salle \u00e0 manger Finch pr\u00e9sente les caract\u00e9ristiques suivantes :<\/em><br \/>\nEnti\u00e8rement rembourr\u00e9e avec roulettes robustes non marquantes<br \/>\nDisponible dans d&rsquo;autres tissus moyennant un suppl\u00e9ment.<\/p>\n<p>Vous avez des questions sur ce produit ? Nos concepteurs sont l\u00e0 pour vous aider. Appelez-nous au (514) 340-9351  <\/p>\n","protected":false},"excerpt":{"rendered":"<p>La chaise de salle \u00e0 manger Finch glisse sans effort sur le sol de votre salle \u00e0 manger gr\u00e2ce \u00e0 ses roulettes non marquantes, tandis que son assise et son dossier enti\u00e8rement rembourr\u00e9s vous invitent \u00e0 vous asseoir et \u00e0 rester un moment. Avec ses options de tissus personnalisables, cette chaise s&rsquo;adapte parfaitement aux salles \u00e0 manger d\u00e9contract\u00e9es et formelles. <\/p>\n","protected":false},"featured_media":86323,"template":"","meta":{"_kad_blocks_custom_css":"","_kad_blocks_head_custom_js":"","_kad_blocks_body_custom_js":"","_kad_blocks_footer_custom_js":"","_kad_post_transparent":"","_kad_post_title":"","_kad_post_layout":"","_kad_post_sidebar_id":"","_kad_post_content_style":"","_kad_post_vertical_padding":"","_kad_post_feature":"","_kad_post_feature_position":"","_kad_post_header":false,"_kad_post_footer":false,"_kad_post_classname":""},"product_brand":[],"product_cat":[1302],"product_tag":[1851],"class_list":{"0":"post-86317","1":"product","2":"type-product","3":"status-publish","4":"has-post-thumbnail","6":"product_cat-chaises","7":"product_tag-barcelona-fr","9":"first","10":"instock","11":"taxable","12":"shipping-taxable","13":"product-type-simple","14":"entry","15":"content-bg","16":"loop-entry"},"taxonomy_info":{"product_cat":[{"value":1302,"label":"Chaises"}],"product_tag":[{"value":1851,"label":"BARCELONA"}]},"featured_image_src_large":["https:\/\/www.avenuedesigncanada.com\/wp-content\/uploads\/2021\/05\/bernhardt_loft_logan-square_finch_arm_chair_303-538_b548_front-1-1024x1024.jpg",1024,1024,true],"author_info":[],"comment_info":"","_links":{"self":[{"href":"https:\/\/www.avenuedesigncanada.com\/fr\/wp-json\/wp\/v2\/product\/86317","targetHints":{"allow":["GET"]}}],"collection":[{"href":"https:\/\/www.avenuedesigncanada.com\/fr\/wp-json\/wp\/v2\/product"}],"about":[{"href":"https:\/\/www.avenuedesigncanada.com\/fr\/wp-json\/wp\/v2\/types\/product"}],"wp:featuredmedia":[{"embeddable":true,"href":"https:\/\/www.avenuedesigncanada.com\/fr\/wp-json\/wp\/v2\/media\/86323"}],"wp:attachment":[{"href":"https:\/\/www.avenuedesigncanada.com\/fr\/wp-json\/wp\/v2\/media?parent=86317"}],"wp:term":[{"taxonomy":"product_brand","embeddable":true,"href":"https:\/\/www.avenuedesigncanada.com\/fr\/wp-json\/wp\/v2\/product_brand?post=86317"},{"taxonomy":"product_cat","embeddable":true,"href":"https:\/\/www.avenuedesigncanada.com\/fr\/wp-json\/wp\/v2\/product_cat?post=86317"},{"taxonomy":"product_tag","embeddable":true,"href":"https:\/\/www.avenuedesigncanada.com\/fr\/wp-json\/wp\/v2\/product_tag?post=86317"}],"curies":[{"name":"wp","href":"https:\/\/api.w.org\/{rel}","templated":true}]}}