{"id":94771,"date":"2021-06-05T17:24:32","date_gmt":"2021-06-05T21:24:32","guid":{"rendered":"https:\/\/www.avenuedesigncanada.com\/product\/concerto\/"},"modified":"2026-02-11T15:58:34","modified_gmt":"2026-02-11T20:58:34","slug":"concerto","status":"publish","type":"product","link":"https:\/\/www.avenuedesigncanada.com\/fr\/product\/concerto\/","title":{"rendered":"Sectionnel Concerto"},"content":{"rendered":"<p><em><span style=\"font-weight: 400;\">Caract\u00e9ristiques du canap\u00e9 modulable Concerto :<\/span><\/em><\/p>\n<p>Des coussins de dossier en Poly\/Duvet<\/p>\n<p>Des coussins d\u2019assise en mousse avec housse de duvet<\/p>\n<p>Une base en bois<\/p>\n<p>Une structure en bois massif<\/p>\n<p>Fait au Canada<\/p>\n<p>Options:<\/p>\n<p>Disponible en diff\u00e9rents tissus ou cuirs<\/p>\n<p>Disponible en diff\u00e9rents finis de bois<\/p>\n<p>Disponible en diff\u00e9rentes configurations, ainsi qu&rsquo;en causeuse, sofa et fauteuil<\/p>\n<p>Avez-vous des questions \u00e0 propos de ce produit ?<\/p>\n<p>Nos designers sont l\u00e0 pour vous aider. Appelez-nous au (514) 340-9351<\/p>\n<p>&nbsp;<\/p>\n","protected":false},"excerpt":{"rendered":"<p>Le canap\u00e9 d&rsquo;angle Concerto allie un style raffin\u00e9 \u00e0 un confort exceptionnel. Dot\u00e9 de coussins de dossier moelleux en polyester et en duvet et de coussins de si\u00e8ge en mousse offrant un bon soutien et recouverts d&rsquo;un m\u00e9lange de duvet doux, il offre une exp\u00e9rience d&rsquo;assise accueillante et structur\u00e9e. Pos\u00e9 sur une base en bois magnifiquement finie et construit avec un cadre en bois massif, ce canap\u00e9 d&rsquo;angle fabriqu\u00e9 au Canada est con\u00e7u pour offrir une durabilit\u00e9 \u00e0 toute \u00e9preuve et une \u00e9l\u00e9gance au quotidien. Le canap\u00e9 d&rsquo;angle Concerto apporte sophistication, chaleur et confort \u00e0 tout espace de vie.<\/p>\n","protected":false},"featured_media":215477,"template":"","meta":{"_kad_blocks_custom_css":"","_kad_blocks_head_custom_js":"","_kad_blocks_body_custom_js":"","_kad_blocks_footer_custom_js":"","_kad_post_transparent":"default","_kad_post_title":"","_kad_post_layout":"default","_kad_post_sidebar_id":"","_kad_post_content_style":"default","_kad_post_vertical_padding":"default","_kad_post_feature":"","_kad_post_feature_position":"","_kad_post_header":false,"_kad_post_footer":false,"_kad_post_classname":""},"product_brand":[],"product_cat":[1324,1967],"product_tag":[1371],"class_list":{"0":"post-94771","1":"product","2":"type-product","3":"status-publish","4":"has-post-thumbnail","6":"product_cat-meubles-modulaires","7":"product_cat-modulaire-sur-mesure","8":"product_tag-hkhaju-fr","10":"first","11":"instock","12":"product-type-simple","13":"entry","14":"content-bg","15":"loop-entry"},"taxonomy_info":{"product_cat":[{"value":1324,"label":"Meubles modulaires"},{"value":1967,"label":"modulaire sur mesure"}],"product_tag":[{"value":1371,"label":"HKHAJU"}]},"featured_image_src_large":["https:\/\/www.avenuedesigncanada.com\/wp-content\/uploads\/2021\/06\/concerto_p2-1280x852-2-1024x1024.jpg",1024,1024,true],"author_info":[],"comment_info":"","_links":{"self":[{"href":"https:\/\/www.avenuedesigncanada.com\/fr\/wp-json\/wp\/v2\/product\/94771","targetHints":{"allow":["GET"]}}],"collection":[{"href":"https:\/\/www.avenuedesigncanada.com\/fr\/wp-json\/wp\/v2\/product"}],"about":[{"href":"https:\/\/www.avenuedesigncanada.com\/fr\/wp-json\/wp\/v2\/types\/product"}],"wp:featuredmedia":[{"embeddable":true,"href":"https:\/\/www.avenuedesigncanada.com\/fr\/wp-json\/wp\/v2\/media\/215477"}],"wp:attachment":[{"href":"https:\/\/www.avenuedesigncanada.com\/fr\/wp-json\/wp\/v2\/media?parent=94771"}],"wp:term":[{"taxonomy":"product_brand","embeddable":true,"href":"https:\/\/www.avenuedesigncanada.com\/fr\/wp-json\/wp\/v2\/product_brand?post=94771"},{"taxonomy":"product_cat","embeddable":true,"href":"https:\/\/www.avenuedesigncanada.com\/fr\/wp-json\/wp\/v2\/product_cat?post=94771"},{"taxonomy":"product_tag","embeddable":true,"href":"https:\/\/www.avenuedesigncanada.com\/fr\/wp-json\/wp\/v2\/product_tag?post=94771"}],"curies":[{"name":"wp","href":"https:\/\/api.w.org\/{rel}","templated":true}]}}